{"id":154,"date":"2022-05-30T22:05:23","date_gmt":"2022-05-30T22:05:23","guid":{"rendered":"https:\/\/lacabila.com\/eventos\/?page_id=154"},"modified":"2022-05-30T22:05:24","modified_gmt":"2022-05-30T22:05:24","slug":"descargo-de-responsabilidad","status":"publish","type":"page","link":"https:\/\/lacabila.com\/eventos\/index.php\/descargo-de-responsabilidad\/","title":{"rendered":"Descargo de responsabilidad"},"content":{"rendered":"\n<p class=\"wp-block-paragraph\">El contenido del sitio Internet de IBESAR PROJECT MANAGEMENT, S.L. est\u00e1 protegido por el derecho aplicable a la propiedad intelectual. La informaci\u00f3n publicada en estas p\u00e1ginas est\u00e1 sometida a las leyes vigentes en Espa\u00f1a. Todos los derechos que no est\u00e1n expl\u00edcitamente concedidos est\u00e1n reservados. Est\u00e1 prohibido reproducirlos en parte o en su totalidad en una manera de representar, transferir, vender o tomar, sin la aprobaci\u00f3n previa y escrita de IBESAR PROJECT MANAGEMENT, S.L. El incumplimiento de esta prohibici\u00f3n puede tener consecuencias penales y civiles.<\/p>\n\n\n\n<p class=\"wp-block-paragraph\">Restricciones de acceso, derecho aplicable y tribunales competentes.<\/p>\n\n\n\n<p class=\"wp-block-paragraph\">El sitio Internet de IBESAR PROJECT MANAGEMENT, S.L. no constituye ni una oferta para un uso il\u00edcito de la web, ni una invitaci\u00f3n a cualquiera o por parte de cualquiera, en cualquier territorio en el cual tal oferta sea ilegal o para el que la persona que emita una tal oferta o invitaci\u00f3n no est\u00e9 habilitada para hacerlo.<\/p>\n\n\n\n<p class=\"wp-block-paragraph\">Restricciones de aplicaci\u00f3n<\/p>\n\n\n\n<p class=\"wp-block-paragraph\">El contenido de este sitio Internet est\u00e1 \u00fanicamente destinado a proporcionar al usuario informaciones generales relativas a los servicios ofrecidos por IBESAR PROJECT MANAGEMENT, S.L. Las informaciones contenidas en este sitio constituyen una oferta o invitaci\u00f3n de compra de los productos especificados, con publicidad y descripci\u00f3n veraz de productos cosm\u00e9ticos y relacionados.&nbsp;<\/p>\n\n\n\n<p class=\"wp-block-paragraph\">Informaciones disponibles<\/p>\n\n\n\n<p class=\"wp-block-paragraph\">Esta p\u00e1gina Internet puede contener informaciones proporcionadas por empresas externas o puede tener v\u00ednculos autom\u00e1ticos con sitios Internet de terceros. Los contenidos de estas p\u00e1ginas web puestas a disposici\u00f3n se destinan exclusivamente a fines informativos. IBESAR PROJECT MANAGEMENT, S.L. no da ninguna garant\u00eda en cuanto a la accesibilidad, la precisi\u00f3n, la fiabilidad, la actualizaci\u00f3n o el contenido de todas las p\u00e1ginas web puestas a disposici\u00f3n. A este respecto, IBESAR PROJECT MANAGEMENT, S.L. no asume ninguna responsabilidad. Usted acceder\u00e1 bajo su propio riesgo a los sitios Internet de terceros con v\u00ednculos en nuestro sitio.<\/p>\n\n\n\n<p class=\"wp-block-paragraph\">Por otra parte, IBESAR PROJECT MANAGEMENT, S.L. no puede dar garant\u00eda alguna respecto del car\u00e1cter completo de las informaciones publicadas en este sitio. IBESAR PROJECT MANAGEMENT, S.L. no asume ninguna responsabilidad por cualquier perjuicio, directo o indirecto, resultante de la utilizaci\u00f3n de cualquier informaci\u00f3n proporcionada.<\/p>\n\n\n\n<p class=\"wp-block-paragraph\">Al efectuar una solicitud escrita, puede usted tener acceso a la consulta, y en caso necesario, a la modificaci\u00f3n de sus datos personales mantenidos por IBESAR PROJECT MANAGEMENT, S.L. (consultar: Pol\u00edtica de privacidad del sitio web).<\/p>\n\n\n\n<p class=\"wp-block-paragraph\">IBESAR PROJECT MANAGEMENT, S.L. vela por la protecci\u00f3n de su privacidad a la hora de tratar sus datos personales. IBESAR PROJECT MANAGEMENT, S.L. trata sus datos personales de conformidad con las disposiciones del Reglamento General Europea de Protecci\u00f3n de Datos (\u201cRGPD\u201d) y de acuerdo con los siguientes principios:<\/p>\n\n\n\n<p class=\"wp-block-paragraph\">1. Protecci\u00f3n de Datos<\/p>\n\n\n\n<p class=\"wp-block-paragraph\">La privacidad de los datos es un asunto importante para IBESAR PROJECT MANAGEMENT, S.L.<\/p>\n\n\n\n<p class=\"wp-block-paragraph\">Su informaci\u00f3n personal es tratada con estricta confidencialidad y con arreglo a la legislaci\u00f3n vigente en materia de protecci\u00f3n de datos (RGPD-LOPDGDD-LSSI). Para nosotros, la protecci\u00f3n de su privacidad y de sus datos contra el acceso no autorizado por parte de terceros, la p\u00e9rdida o el uso indebido son temas prioritarios.&nbsp;&nbsp;<\/p>\n\n\n\n<p class=\"wp-block-paragraph\">2. Entidad responsable y datos de contacto:<\/p>\n\n\n\n<p class=\"wp-block-paragraph\">El responsable del tratamiento de datos es el siguiente:<\/p>\n\n\n\n<p class=\"wp-block-paragraph\">IBESAR PROJECT MANAGEMENT, S.L.&nbsp; &nbsp; &nbsp; CIF B42580266<\/p>\n\n\n\n<p class=\"wp-block-paragraph\">CL. ALONA, 32, 2\u00baD, C.P. 03007, ALICANTE<\/p>\n\n\n\n<p class=\"wp-block-paragraph\">Si tiene alguna duda, contacte con nuestro delegado de protecci\u00f3n de datos en la siguiente direcci\u00f3n de correo electr\u00f3nico: eventos@lacabila.com Est\u00e1 a su disposici\u00f3n para cualquier solicitud, sugerencia o reclamaci\u00f3n que pueda tener o puede acudir a la autoridad competente AEPD.<\/p>\n\n\n\n<p class=\"wp-block-paragraph\">3. Uso y transmisi\u00f3n de datos personales limitados a finalidades espec\u00edficas<\/p>\n\n\n\n<p class=\"wp-block-paragraph\">Sus datos son empleados \u00fanicamente para la finalidad que se especifica en el momento de su recogida, para la cual usted ha dado su consentimiento, o bien \u00e9ste se infiere de una disposici\u00f3n legal. Obligamos a nuestros empleados a mantener la correspondiente confidencialidad, a cumplir con la legislaci\u00f3n en materia de protecci\u00f3n de datos y, en aquellos casos relativos a servicios bancarios, a mantener el debido secreto bancario.<\/p>\n\n\n\n<p class=\"wp-block-paragraph\">4. Manejo de datos personales<\/p>\n\n\n\n<p class=\"wp-block-paragraph\">Se considerar\u00e1n datos personales toda aquella informaci\u00f3n sobre una persona f\u00edsica identificada o identificable. Una persona f\u00edsica identificable es toda persona cuya identidad pueda determinarse, directa o indirectamente, en particular mediante un identificador como, por ejemplo, un nombre, una direcci\u00f3n de correo electr\u00f3nico o un n\u00famero de tel\u00e9fono. No se considerar\u00e1n datos personales aquellos datos que hayan sido anonimizados o agregados y, por ende, no puedan usarse para identificar a una persona f\u00edsica. Se entender\u00e1 por \u201cTratamiento\u201d cualquier manejo de datos personales, con independencia de los medios y procedimientos empleados a tal efecto, incluyendo, en concreto, la adquisici\u00f3n, retenci\u00f3n, uso, alteraci\u00f3n, comunicaci\u00f3n, archivo o destrucci\u00f3n de tales datos.<\/p>\n\n\n\n<p class=\"wp-block-paragraph\">5. Archivos de registro del servidor<\/p>\n\n\n\n<p class=\"wp-block-paragraph\">Esta entidad emplea servidor web para captar datos relativos a su visita al sitio web. Estos datos pueden incluir informaci\u00f3n relativa a:<\/p>\n\n\n\n<p class=\"wp-block-paragraph\">-el nombre del sitio web al que usted ha accedido<\/p>\n\n\n\n<p class=\"wp-block-paragraph\">-el nombre del archivo<\/p>\n\n\n\n<p class=\"wp-block-paragraph\">-la fecha y la hora de su visita<\/p>\n\n\n\n<p class=\"wp-block-paragraph\">-el volumen de datos transmitidos<\/p>\n\n\n\n<p class=\"wp-block-paragraph\">-la notificaci\u00f3n de que el acceso se ha producido<\/p>\n\n\n\n<p class=\"wp-block-paragraph\">-el tipo y versi\u00f3n de su navegador<\/p>\n\n\n\n<p class=\"wp-block-paragraph\">-su sistema operativo<\/p>\n\n\n\n<p class=\"wp-block-paragraph\">-la direcci\u00f3n URL del sitio web desde el que se accede<\/p>\n\n\n\n<p class=\"wp-block-paragraph\">-la direcci\u00f3n IP y el proveedor solicitante.<\/p>\n\n\n\n<p class=\"wp-block-paragraph\">La entidad emplea los datos registrados \u00fanicamente con fines anal\u00edticos para garantizar el funcionamiento y la seguridad de sus sistemas inform\u00e1ticos y optimizar el sitio web, en el sentido del art\u00edculo 6, apartado 1, letra f) RGPD, as\u00ed como para facilitarle en todo momento una experiencia de usuario segura y sin contratiempos. No obstante, la entidad se reserva el derecho a verificar, en un momento posterior, los datos registrados en caso de que tenga razones concretas para sospechar que se ha producido un uso indebido del sitio web. Los archivos de registro de los servidores web ser\u00e1n eliminados como m\u00e1ximo en 30 d\u00edas.<\/p>\n\n\n\n<p class=\"wp-block-paragraph\">6. Seguridad de los datos<\/p>\n\n\n\n<p class=\"wp-block-paragraph\">Tenga en cuenta que Internet es una red global y abierta. Cuando usted transmite sus datos por Internet, lo hace bajo su propia responsabilidad.<\/p>\n\n\n\n<p class=\"wp-block-paragraph\">Cualquier dato personal que usted transmita est\u00e1 protegido mediante los m\u00e1s modernos mecanismos de cifrado, empleando los est\u00e1ndares de seguridad m\u00e1s novedosos (capa de sockets seguros). A pesar de que se adoptan numerosas medidas t\u00e9cnicas y organizativas de seguridad, los datos pueden perderse, ser interceptados por personas no autorizadas y\/o ser manipulados. La empresa ha implementado medidas t\u00e9cnicas y organizativas de seguridad adecuadas para evitar que dentro de sus sistemas se produzcan situaciones as\u00ed. Sin embargo, su ordenador se encuentra fuera del alcance de las medidas inform\u00e1ticas de seguridad de la empresa. Por lo tanto, es responsabilidad suya, en tanto que usuario, obtener la correspondiente informaci\u00f3n sobre las precauciones de seguridad necesarias y la adopci\u00f3n de medidas adecuadas a tales efectos. En ning\u00fan caso, la empresa ser\u00e1 responsable por los da\u00f1os que puedan derivarse de la p\u00e9rdida o la manipulaci\u00f3n de datos.<\/p>\n\n\n\n<p class=\"wp-block-paragraph\">En ALICANTE, a veintis\u00e9is de mayo de 2022.<\/p>\n","protected":false},"excerpt":{"rendered":"<p>El contenido del sitio Internet de IBESAR PROJECT MANAGEMENT, S.L. est\u00e1 protegido por el derecho aplicable a la propiedad intelectual. La informaci\u00f3n publicada en estas p\u00e1ginas est\u00e1 sometida a las leyes vigentes en Espa\u00f1a. Todos los derechos que no est\u00e1n expl\u00edcitamente concedidos est\u00e1n reservados. Est\u00e1 prohibido reproducirlos en parte o en su totalidad en una [&hellip;]<\/p>\n","protected":false},"author":1,"featured_media":0,"parent":0,"menu_order":0,"comment_status":"closed","ping_status":"closed","template":"","meta":{"footnotes":""},"class_list":["post-154","page","type-page","status-publish","hentry"],"jetpack_sharing_enabled":true,"_links":{"self":[{"href":"https:\/\/lacabila.com\/eventos\/index.php\/wp-json\/wp\/v2\/pages\/154","targetHints":{"allow":["GET"]}}],"collection":[{"href":"https:\/\/lacabila.com\/eventos\/index.php\/wp-json\/wp\/v2\/pages"}],"about":[{"href":"https:\/\/lacabila.com\/eventos\/index.php\/wp-json\/wp\/v2\/types\/page"}],"author":[{"embeddable":true,"href":"https:\/\/lacabila.com\/eventos\/index.php\/wp-json\/wp\/v2\/users\/1"}],"replies":[{"embeddable":true,"href":"https:\/\/lacabila.com\/eventos\/index.php\/wp-json\/wp\/v2\/comments?post=154"}],"version-history":[{"count":1,"href":"https:\/\/lacabila.com\/eventos\/index.php\/wp-json\/wp\/v2\/pages\/154\/revisions"}],"predecessor-version":[{"id":156,"href":"https:\/\/lacabila.com\/eventos\/index.php\/wp-json\/wp\/v2\/pages\/154\/revisions\/156"}],"wp:attachment":[{"href":"https:\/\/lacabila.com\/eventos\/index.php\/wp-json\/wp\/v2\/media?parent=154"}],"curies":[{"name":"wp","href":"https:\/\/api.w.org\/{rel}","templated":true}]}}